{"id":80482,"date":"2020-02-11T15:47:02","date_gmt":"2020-02-11T14:47:02","guid":{"rendered":"https:\/\/www.fauvin.com\/concerts-organises-par-lamateur-de-piano\/"},"modified":"2020-02-11T15:47:04","modified_gmt":"2020-02-11T14:47:04","slug":"concerts-organises-par-lamateur-de-piano","status":"publish","type":"page","link":"https:\/\/www.fauvin.com\/en\/concerts-organises-par-lamateur-de-piano\/","title":{"rendered":"Concerts organis\u00e9s par l&#8217;Amateur de Piano"},"content":{"rendered":"<div class=\"wpb-content-wrapper\"><p>[vc_row][vc_column width=&#8221;1\/1&#8243;][vc_custom_heading]This is a custom heading element.[\/vc_custom_heading][vc_column_text]Depuis 2016, l&#8217;association de b\u00e9n\u00e9voles l&#8217;amateur de piano organise des manifestations musicales autour du piano en Charente.<\/p>\n<p>Ils sollicitent aussi bien des artistes de renomm\u00e9e internationale que de jeunes talents \u00e0 d\u00e9couvrir.[\/vc_column_text][vc_button border_width=&#8221;0&#8243; link=&#8221;url:https%3A%2F%2Flamateurdepiano.jimdofree.com%2F|&#8221;]l&#8217;amateur de piano[\/vc_button][\/vc_column][\/vc_row][vc_row][vc_column width=&#8221;1\/1&#8243;][vc_custom_heading]<\/p>\n<h2>R\u00e9citals \u00e0 l&#8217;auditorium Steinway &amp; Sons : saison 2019\/2020<\/h2>\n<p>[\/vc_custom_heading][vc_custom_heading]<\/p>\n<h3>Bertrand Chamayou le 8 d\u00e9cembre 2019<\/h3>\n<p>[\/vc_custom_heading][vc_gallery el_id=&#8221;gallery-177224&#8243; medias=&#8221;80290,80292,80294,80296,80298,80300&#8243; gutter_size=&#8221;3&#8243; screen_lg=&#8221;1000&#8243; screen_md=&#8221;600&#8243; screen_sm=&#8221;480&#8243; single_overlay_opacity=&#8221;50&#8243; single_padding=&#8221;2&#8243;][\/vc_column][\/vc_row][vc_row][vc_column width=&#8221;1\/1&#8243;][vc_custom_heading]<\/p>\n<h1>R\u00e9citals \u00e0 l&#8217;auditorium Steinway &amp; Sons : saison 2018\/2019<\/h1>\n<p>[\/vc_custom_heading][vc_gallery][\/vc_column][\/vc_row]<\/p>\n<\/div>","protected":false},"excerpt":{"rendered":"<p>[vc_row][vc_column width=&#8221;1\/1&#8243;][vc_custom_heading]This is a custom heading element.[\/vc_custom_heading][vc_column_text]Depuis 2016, l&#8217;association de b\u00e9n\u00e9voles l&#8217;amateur de piano organise des manifestations musicales autour du [&hellip;]<\/p>\n","protected":false},"author":4,"featured_media":0,"parent":0,"menu_order":0,"comment_status":"closed","ping_status":"closed","template":"","meta":{"footnotes":""},"yoast_head":"<!-- This site is optimized with the Yoast SEO plugin v22.9 - https:\/\/yoast.com\/wordpress\/plugins\/seo\/ -->\n<title>Concerts organis\u00e9s par l&#039;Amateur de Piano - Domaine Musical de P\u00e9tignac<\/title>\n<meta name=\"robots\" content=\"index, follow, max-snippet:-1, max-image-preview:large, max-video-preview:-1\" \/>\n<link rel=\"canonical\" href=\"https:\/\/www.fauvin.com\/en\/concerts-organises-par-lamateur-de-piano\/\" \/>\n<meta property=\"og:locale\" content=\"en_US\" \/>\n<meta property=\"og:type\" content=\"article\" \/>\n<meta property=\"og:title\" content=\"Concerts organis\u00e9s par l&#039;Amateur de Piano - Domaine Musical de P\u00e9tignac\" \/>\n<meta property=\"og:description\" content=\"[vc_row][vc_column width=&#8221;1\/1&#8243;][vc_custom_heading]This is a custom heading element.[\/vc_custom_heading][vc_column_text]Depuis 2016, l&#8217;association de b\u00e9n\u00e9voles l&#8217;amateur de piano organise des manifestations musicales autour du [&hellip;]\" \/>\n<meta property=\"og:url\" content=\"https:\/\/www.fauvin.com\/en\/concerts-organises-par-lamateur-de-piano\/\" \/>\n<meta property=\"og:site_name\" content=\"Domaine Musical de P\u00e9tignac\" \/>\n<meta property=\"article:modified_time\" content=\"2020-02-11T14:47:04+00:00\" \/>\n<meta name=\"twitter:card\" content=\"summary_large_image\" \/>\n<meta name=\"twitter:label1\" content=\"Est. reading time\" \/>\n\t<meta name=\"twitter:data1\" content=\"1 minute\" \/>\n<script type=\"application\/ld+json\" class=\"yoast-schema-graph\">{\"@context\":\"https:\/\/schema.org\",\"@graph\":[{\"@type\":\"WebPage\",\"@id\":\"https:\/\/www.fauvin.com\/en\/concerts-organises-par-lamateur-de-piano\/\",\"url\":\"https:\/\/www.fauvin.com\/en\/concerts-organises-par-lamateur-de-piano\/\",\"name\":\"Concerts organis\u00e9s par l'Amateur de Piano - Domaine Musical de P\u00e9tignac\",\"isPartOf\":{\"@id\":\"https:\/\/www.fauvin.com\/#website\"},\"datePublished\":\"2020-02-11T14:47:02+00:00\",\"dateModified\":\"2020-02-11T14:47:04+00:00\",\"breadcrumb\":{\"@id\":\"https:\/\/www.fauvin.com\/en\/concerts-organises-par-lamateur-de-piano\/#breadcrumb\"},\"inLanguage\":\"en-US\",\"potentialAction\":[{\"@type\":\"ReadAction\",\"target\":[\"https:\/\/www.fauvin.com\/en\/concerts-organises-par-lamateur-de-piano\/\"]}]},{\"@type\":\"BreadcrumbList\",\"@id\":\"https:\/\/www.fauvin.com\/en\/concerts-organises-par-lamateur-de-piano\/#breadcrumb\",\"itemListElement\":[{\"@type\":\"ListItem\",\"position\":1,\"name\":\"Accueil\",\"item\":\"https:\/\/www.fauvin.com\/en\/\"},{\"@type\":\"ListItem\",\"position\":2,\"name\":\"Concerts organis\u00e9s par l&#8217;Amateur de Piano\"}]},{\"@type\":\"WebSite\",\"@id\":\"https:\/\/www.fauvin.com\/#website\",\"url\":\"https:\/\/www.fauvin.com\/\",\"name\":\"Domaine Musical de P\u00e9tignac\",\"description\":\"Fauvin\",\"potentialAction\":[{\"@type\":\"SearchAction\",\"target\":{\"@type\":\"EntryPoint\",\"urlTemplate\":\"https:\/\/www.fauvin.com\/?s={search_term_string}\"},\"query-input\":\"required name=search_term_string\"}],\"inLanguage\":\"en-US\"}]}<\/script>\n<!-- \/ Yoast SEO plugin. -->","yoast_head_json":{"title":"Concerts organis\u00e9s par l'Amateur de Piano - Domaine Musical de P\u00e9tignac","robots":{"index":"index","follow":"follow","max-snippet":"max-snippet:-1","max-image-preview":"max-image-preview:large","max-video-preview":"max-video-preview:-1"},"canonical":"https:\/\/www.fauvin.com\/en\/concerts-organises-par-lamateur-de-piano\/","og_locale":"en_US","og_type":"article","og_title":"Concerts organis\u00e9s par l'Amateur de Piano - Domaine Musical de P\u00e9tignac","og_description":"[vc_row][vc_column width=&#8221;1\/1&#8243;][vc_custom_heading]This is a custom heading element.[\/vc_custom_heading][vc_column_text]Depuis 2016, l&#8217;association de b\u00e9n\u00e9voles l&#8217;amateur de piano organise des manifestations musicales autour du [&hellip;]","og_url":"https:\/\/www.fauvin.com\/en\/concerts-organises-par-lamateur-de-piano\/","og_site_name":"Domaine Musical de P\u00e9tignac","article_modified_time":"2020-02-11T14:47:04+00:00","twitter_card":"summary_large_image","twitter_misc":{"Est. reading time":"1 minute"},"schema":{"@context":"https:\/\/schema.org","@graph":[{"@type":"WebPage","@id":"https:\/\/www.fauvin.com\/en\/concerts-organises-par-lamateur-de-piano\/","url":"https:\/\/www.fauvin.com\/en\/concerts-organises-par-lamateur-de-piano\/","name":"Concerts organis\u00e9s par l'Amateur de Piano - Domaine Musical de P\u00e9tignac","isPartOf":{"@id":"https:\/\/www.fauvin.com\/#website"},"datePublished":"2020-02-11T14:47:02+00:00","dateModified":"2020-02-11T14:47:04+00:00","breadcrumb":{"@id":"https:\/\/www.fauvin.com\/en\/concerts-organises-par-lamateur-de-piano\/#breadcrumb"},"inLanguage":"en-US","potentialAction":[{"@type":"ReadAction","target":["https:\/\/www.fauvin.com\/en\/concerts-organises-par-lamateur-de-piano\/"]}]},{"@type":"BreadcrumbList","@id":"https:\/\/www.fauvin.com\/en\/concerts-organises-par-lamateur-de-piano\/#breadcrumb","itemListElement":[{"@type":"ListItem","position":1,"name":"Accueil","item":"https:\/\/www.fauvin.com\/en\/"},{"@type":"ListItem","position":2,"name":"Concerts organis\u00e9s par l&#8217;Amateur de Piano"}]},{"@type":"WebSite","@id":"https:\/\/www.fauvin.com\/#website","url":"https:\/\/www.fauvin.com\/","name":"Domaine Musical de P\u00e9tignac","description":"Fauvin","potentialAction":[{"@type":"SearchAction","target":{"@type":"EntryPoint","urlTemplate":"https:\/\/www.fauvin.com\/?s={search_term_string}"},"query-input":"required name=search_term_string"}],"inLanguage":"en-US"}]}},"_links":{"self":[{"href":"https:\/\/www.fauvin.com\/en\/wp-json\/wp\/v2\/pages\/80482"}],"collection":[{"href":"https:\/\/www.fauvin.com\/en\/wp-json\/wp\/v2\/pages"}],"about":[{"href":"https:\/\/www.fauvin.com\/en\/wp-json\/wp\/v2\/types\/page"}],"author":[{"embeddable":true,"href":"https:\/\/www.fauvin.com\/en\/wp-json\/wp\/v2\/users\/4"}],"replies":[{"embeddable":true,"href":"https:\/\/www.fauvin.com\/en\/wp-json\/wp\/v2\/comments?post=80482"}],"version-history":[{"count":1,"href":"https:\/\/www.fauvin.com\/en\/wp-json\/wp\/v2\/pages\/80482\/revisions"}],"predecessor-version":[{"id":80483,"href":"https:\/\/www.fauvin.com\/en\/wp-json\/wp\/v2\/pages\/80482\/revisions\/80483"}],"wp:attachment":[{"href":"https:\/\/www.fauvin.com\/en\/wp-json\/wp\/v2\/media?parent=80482"}],"curies":[{"name":"wp","href":"https:\/\/api.w.org\/{rel}","templated":true}]}}